{"id":10382,"date":"2021-04-22T09:32:53","date_gmt":"2021-04-22T08:32:53","guid":{"rendered":"https:\/\/alphaespai.com\/politica-de-privacitat\/"},"modified":"2021-04-23T09:14:19","modified_gmt":"2021-04-23T08:14:19","slug":"politica-de-privacitat","status":"publish","type":"page","link":"https:\/\/alphaespai.com\/ca\/politica-de-privacitat\/","title":{"rendered":"Pol\u00edtica de privacitat"},"content":{"rendered":"\n<h1 class=\"wp-block-heading\">Pol\u00edtica de privacitat<\/h1>\n\n<p>A efecte del previst en el Reglament (UE) 2016\/679 de 27 d&#8217;abril del 2016 ALPHA COWORK, S.L. amb NIF B66101320 informa a l&#8217;Usuari que les seves dades de car\u00e0cter personal seran tractades amb la finalitat de prestar-li els serveis sol\u00b7licitats i enviar-li la informaci\u00f3 sobre la nostra empresa que pugui ser del seu inter\u00e8s.<\/p>\n\n<h3 class=\"text_bloc_h3 wp-block-heading\">Envio i registre de dades de car\u00e0cter personal<\/h3>\n\n<p>L&#8217;enviament de dades de car\u00e0cter personal \u00e9s obligatori per contactar i rebre informaci\u00f3 sobre els serveis prestats per ALPHA COWORK, S.L.. Aix\u00ed mateix, el no facilitar les dades personals sol\u00b7licitades o el no acceptar la present pol\u00edtica de protecci\u00f3 de dades suposa la impossibilitat de subscriure&#8217;s, registrar-se o rebre informaci\u00f3 d&#8217;aquests serveis.<\/p>\n\n<p>Quan les dades de car\u00e0cter personal siguin obtingudes de l\u2019Usuari a trav\u00e9s de xarxes de comunicacions electr\u00f2niques o en el marc de la prestaci\u00f3 d&#8217;un servei de la societat de la informaci\u00f3, aix\u00ed com en aquells altres sup\u00f2sits expressament establerts per la llei o quan aix\u00ed ho autoritzi l&#8217;Ag\u00e8ncia Espanyola de Protecci\u00f3 de Dades, el responsable del tractament podr\u00e0 donar compliment al deure d&#8217;informaci\u00f3 que estableix l&#8217;article 13 del Reglament (UE) 2016\/679 facilitant l&#8217;afectat almenys la informaci\u00f3 b\u00e0sica seg\u00fcent:&#13;\na) La identitat del responsable del tractament i del seu representant, si escau.&#13;\nb) La finalitat del tractament.&#13;\nc) La manera en qu\u00e8 l&#8217;afectat podr\u00e0 exercitar els drets que estableixen els articles 15 a 22 del Reglament (UE) 2016\/679.&#13;\n<\/p>\n\n<p>a) La identitat del responsable del tractament i del seu representant, si escau.<\/p>\n\n<p>b) La finalitat del tractament.<\/p>\n\n<p>c) La manera en qu\u00e8 l&#8217;afectat podr\u00e0 exercitar els drets que estableixen els articles 15 a 22 del Reglament (UE) 2016\/679.<\/p>\n\n<p>Tanmateix, els responsables i encarregats del tractament o, si s&#8217;escau, els seus representants hauran de mantenir el registre d&#8217;activitats de tractament a qu\u00e8 es refereix l&#8217;article 30 del Reglament (UE) 2016\/679, llevat que la empresa o organitzaci\u00f3 ocupin menys de 250 persones, amb l&#8217;excepci\u00f3 que el tractament que realitzi pugui comportar un risc per als drets i llibertats dels interessats, no sigui ocasional, o inclogui categories especials de dades personals indicades en l&#8217;article 9, apartat 1, o dades personals relatives a condemnes i infraccions penals a qu\u00e8 es refereix l&#8217;article 10 del Reglament (UE) 2016\/679.<\/p>\n\n<p>Finalment, l&#8217;article 5.1.f) del Reglament (UE) 2016\/679 determina la necessitat d&#8217;establir garanties de seguretat adequades contra el tractament no autoritzat o il\u00b7l\u00edcit, contra la p\u00e8rdua de les dades personals, la destrucci\u00f3 o el dany accidental. Aix\u00f2 implica l&#8217;establiment de mesures t\u00e8cniques i organitzatives encaminades a assegurar la integritat i confidencialitat de les dades personals i la possibilitat (article 5.2) de demostrar que aquestes mesures s&#8217;han portat a la pr\u00e0ctica (responsabilitat proactiva).<\/p>\n\n<h3 class=\"wp-block-heading\">Exactitud i veracitat de les dades facilitades<\/h3>\n\n<p>L&#8217;Usuari que envia la informaci\u00f3 a ALPHA COWORK, S.L. \u00e9s l&#8217;\u00fanic responsable de la veracitat i correcci\u00f3 de les dades incloses, exonerant-se ALPHA COWORK, S.L. de qualsevol responsabilitat sobre aquest tema.<\/p>\n\n<p>Els usuaris garanteixen i responen, en qualsevol cas, de l&#8217;exactitud, vig\u00e8ncia i autenticitat de les dades personals facilitades, i es comprometen a mantenir-los degudament actualitzats. L&#8217;Usuari accepta proporcionar informaci\u00f3 completa i correcta en el formulari de registre o subscripci\u00f3.<\/p>\n\n<p>ALPHA COWORK, S.L. no respon de la veracitat de les informacions que no siguin d&#8217;elaboraci\u00f3 pr\u00f2pia i de les quals s&#8217;indiqui una altra font, per la qual cosa tampoc assumeix responsabilitat alguna quant a hipot\u00e8tics perjudicis que poguessin originar-se per l&#8217;\u00fas d&#8217;aquesta informaci\u00f3. S&#8217;exonera a ALPHA COWORK, S.L. de responsabilitat davant qualsevol dany o perjudici que pogu\u00e9s sofrir l&#8217;Usuari com a conseq\u00fc\u00e8ncia d&#8217;errors, defectes o omissions, en la informaci\u00f3 facilitada per ALPHA COWORK, S.L. sempre que procedeixi de fonts alienes a ALPHA COWORK, S.L..<\/p>\n\n<h3 class=\"wp-block-heading\">Cessi\u00f3 de dades a tercers<\/h3>\n\n<p>ALPHA COWORK, S.L. no cedir\u00e0 les dades personals a tercers. No obstant aix\u00f2, en el cas de ser cedits a algun tercer es produiria una informaci\u00f3 pr\u00e8via sol\u00b7licitant el consentiment expr\u00e9s de l&#8217;afectat en virtut de l&#8217;article 4.11 del Reglament (UE) 2016\/679 de 27 d&#8217;abril del 2016.<\/p>\n\n<p>Conservaci\u00f3 de les dades<\/p>\n\n<p>En qualsevol cas, el temps de conservaci\u00f3 ser\u00e0 l\u2019indispensable, i haur\u00e0 de mantenir-se com a m\u00ednim:<\/p>\n\n<ul class=\"wp-block-list\"><li>4 anys: Llei sobre infraccions i sancions en l&#8217;ordre social (obligacions en mat\u00e8ria d&#8217;afiliaci\u00f3, altes, baixes, cotitzaci\u00f3, pagament de salaris &#8230;); Arts. 66 i s. Llei general tribut\u00e0ria (llibres de comptabilitat &#8230;)<\/li><li>5 anys: Art. 1964 Codi Civil (accions personals sense termini especial)<\/li><li>6 anys: Art. 30 Codi de Comer\u00e7 (llibres de comptabilitat, factures &#8230;)<\/li><li>10 anys: Art. 25 Llei de Prevenci\u00f3 del Blanqueig de Capitals i Finan\u00e7ament del Terrorisme.<\/li><\/ul>\n\n<h3 class=\"wp-block-heading\">Exercici de drets d&#8217;acc\u00e9s, rectificaci\u00f3, supressi\u00f3, limitaci\u00f3, portabilitat i oposici\u00f3<\/h3>\n\n<p>Podr\u00e0 dirigir les seves comunicacions i exercitar els drets d&#8217;acc\u00e9s, rectificaci\u00f3, supressi\u00f3, limitaci\u00f3, portabilitat i oposici\u00f3 a trav\u00e9s de correu postal en ALPHA COWORK, S.L.  C\/PERE IV, 214, 08005, BARCELONA o a l&#8217;email jordi@alphaespai.com juntament amb prova v\u00e0lida en dret, com a fotoc\u00f2pia del D.N.I. i indicant en l&#8217;assumpte &#8220;PROTECCI\u00d3 DE DADES&#8221;.<\/p>\n\n<h3 class=\"wp-block-heading\">Acceptaci\u00f3 i consentiment<\/h3>\n\n<p>L&#8217;Usuari declara haver estat informat de les condicions sobre protecci\u00f3 de dades de car\u00e0cter personal, acceptant i consentint el tractament de les mateixes per part de ALPHA COWORK, S.L., en la forma i per a les finalitats indicades en la present Pol\u00edtica de Protecci\u00f3 de Dades Personals.<\/p>\n\n<h3 class=\"wp-block-heading\">Canvis en la present pol\u00edtica de privacitat<\/h3>\n\n<p>ALPHA COWORK, S.L. es reserva el dret a modificar la present pol\u00edtica per adaptar-la a novetats legislatives o jurisprudencials aix\u00ed com a pr\u00e0ctiques de la ind\u00fastria. En aquests sup\u00f2sits, ALPHA COWORK, S.L. anunciar\u00e0 en aquesta p\u00e0gina els canvis introdu\u00efts amb raonable antelaci\u00f3 a la seva posada en pr\u00e0ctica.<\/p>\n\n<h3 class=\"wp-block-heading\">reCAPTCHA<\/h3>\n\n<p>Utilitzem el servei reCAPTCHA de Google Inc. (Google, ara en endavant) per protegir les dades enviades a trav\u00e9s dels formularis de les p\u00e0gines dels nostres usuaris. Aquest servei permet diferenciar les dades enviades per persones dels missatges automatitzats i suposa la transmissi\u00f3 de l&#8217;adre\u00e7a IP i altres dades requerides per Google per a l&#8217;\u00fas del servei reCAPTCHA. Amb aquesta finalitat, les dades seran transmeses a Google per poder ser utilitzades. L&#8217;adre\u00e7a IP ser\u00e0 encriptada per Google en els estats membres de la Uni\u00f3 Europea aix\u00ed com en els estats associats a l&#8217;espai econ\u00f2mic europeu. Nom\u00e9s en alguns casos excepcionals, les adreces IP seran transmeses al servidor de Google als Estats Units per a la seva encriptaci\u00f3. En nom del propietari d&#8217;aquest lloc web, Google utilitzar\u00e0 aquestes informacions per avaluar l&#8217;\u00fas del servei per part dels usuaris. L&#8217;adre\u00e7a IP transmesa per reCAPTCHA es mantindr\u00e0 separada d&#8217;altres dades de Google. Per aquestes dades \u00e9s v\u00e0lida la pol\u00edtica de privacitat de Google. Tots els detalls sobre la pol\u00edtica de privadesa de Google es poden llegir a la p\u00e0gina <a href=\"https:\/\/www.google.com\/intl\/es\/policies\/privacy\/\">https:\/\/www.google.com\/intl\/es\/policies\/privacy\/<\/a><\/p>\n\n<p>Al utilitzar el servei reCAPTCHA, l&#8217;usuari consent el tractament de les dades sobre ell de les que Google disposa en la forma i prop\u00f2sits abans establerts.<\/p>\n\n<h2 class=\"wp-block-heading\">POL\u00cdTICA DE PRIVACITAT XARXES SOCIALS<\/h2>\n\n<p>En compliment de Reglament (UE) 2016\/679 de 27 d&#8217;abril del 2016 (RGPD) i la Llei 34\/2002, d&#8217;11 de juliol, de Serveis de la Societat de la Informaci\u00f3 i de Comer\u00e7 Electr\u00f2nic (LSSI-CE), ALPHA COWORK, S.L. informa als usuaris, que ha procedit a crear un perfil en les Xarxes Socials facebook, twitter, instagram, linkedin i youtube amb la finalitat principal de publicitar els seus productes i serveis.<\/p>\n\n<p><strong>Dades de ALPHA COWORK, S.L.<\/strong><\/p>\n\n<p><strong>NIF: B66101320<\/strong><\/p>\n\n<p><strong>Direcci\u00f3:\u00a0<\/strong><strong>C\/PERE IV, 214, 08005, BARCELONA<\/strong><\/p>\n\n<p><strong>Tel\u00e8fon: 605964337<\/strong><\/p>\n\n<p><strong>Email: jordi@alphaespai.com<\/strong><\/p>\n\n<p><strong>P\u00e0gina web:\u00a0<\/strong><strong>https:\/\/alphaespai.com\/<\/strong><\/p>\n\n<p>L&#8217;Usuari disposa d&#8217;un perfil a la mateixa Xarxa Social i ha decidit unir-se a la p\u00e0gina creada per ALPHA COWORK, S.L., mostrant aix\u00ed inter\u00e8s en la informaci\u00f3 que es publiciti a la Xarxa. En unir-se a la nostra p\u00e0gina, ens facilita el seu consentiment per al tractament d&#8217;aquelles dades personals publicades en el seu perfil.<\/p>\n\n<p>L&#8217;Usuari pot accedir a tot moment a les pol\u00edtiques de privadesa de la pr\u00f2pia Xarxa Social, aix\u00ed com configurar el seu perfil per garantir la seva privadesa.<\/p>\n\n<p>ALPHA COWORK, S.L. t\u00e9 acc\u00e9s i tracta aquella informaci\u00f3 p\u00fablica de l&#8217;Usuari, especialment, el seu nom de contacte. Aquestes dades, nom\u00e9s s\u00f3n utilitzats dins de la pr\u00f2pia Xarxa Social. No s\u00f3n incorporats a cap fitxer.<\/p>\n\n<p>En relaci\u00f3 als drets d&#8217;acc\u00e9s, rectificaci\u00f3, supressi\u00f3, limitaci\u00f3, portabilitat i oposici\u00f3, dels quals vost\u00e8 disposa i que poden ser exercitats davant ALPHA COWORK, S.L., d&#8217;acord amb el Reglament (UE) 2016\/679 de 27 d&#8217;abril del 2016, ha de tenir en compte els seg\u00fcents matisos:<\/p>\n\n<p><strong>Acc\u00e9s:<\/strong> Vindr\u00e0 definit per la funcionalitat de la Xarxa Social i la capacitat d&#8217;acc\u00e9s a la informaci\u00f3 dels perfils dels usuaris.<\/p>\n\n<p><div><strong><span lang=\"CA\">Rectificaci\u00f3<\/span><\/strong><span lang=\"CA\"><strong>:<\/strong> Nom\u00e9s podr\u00e0 satisfer-se en relaci\u00f3 a aquella informaci\u00f3 que es trobi sota el control de ALPHA COWORK, S.L., per exemple, eliminar comentaris publicats a la pr\u00f2pia p\u00e0gina. Normalment, aquest dret haur\u00e0 d&#8217;exercir-ho davant la Xarxa Social.<\/span><\/div><\/p>\n\n<p><div><strong><span lang=\"CA\">Supressi\u00f3 i\/o Oposici\u00f3<\/span><\/strong><span lang=\"CA\"><strong>:<\/strong> Com en el cas anterior, nom\u00e9s podr\u00e0 satisfer-se en relaci\u00f3 a aquella informaci\u00f3 que es trobi sota el control de ALPHA COWORK, S.L., per exemple, deixar d&#8217;estar unit al perfil.<\/span><\/div><\/p>\n\n<p><div><strong><span lang=\"CA\">Portabilitat<\/span><\/strong><span lang=\"CA\"><strong>:<\/strong> es preveu la possibilitat de transmetre les dades d\u2019un responsable a un altre, de manera que l\u2019interessat tindr\u00e0 dret a que les seves dades personals es transmetin directament quan siguin t\u00e8cnicament possible.<\/span><\/div><\/p>\n\n<p><div><strong><span lang=\"CA\">Limitaci\u00f3<\/span><\/strong><span lang=\"CA\"><strong>:<\/strong> Es tracta d&#8217;una mesura cautelar que redueix el tractament de les dades personals a la conservaci\u00f3.<\/span><\/div><\/p>\n\n<p>Els sup\u00f2sits en qu\u00e8 l&#8217;interessat tindr\u00e0 dret a obtenir del responsable del tractament la limitaci\u00f3 del tractament de les dades estan taxats per la norma i s\u00f3n:<\/p>\n\n<p>-Quan l&#8217;interessat impugni l&#8217;exactitud de les dades personals, durant un termini que permeti al responsable verificar l&#8217;exactitud dels mateixos.<\/p>\n\n<p>-Quan el tractament sigui il\u00b7l\u00edcit i l&#8217;interessat s&#8217;oposi a la supressi\u00f3 de les dades personals i sol\u00b7liciti en el seu lloc la limitaci\u00f3 del seu \u00fas.<\/p>\n\n<p>-Quan el responsable ja no necessiti les dades personals per a les finalitats del tractament, per\u00f2 l&#8217;interessat els necessiti per a la formulaci\u00f3, l&#8217;exercici o la defensa de reclamacions.<\/p>\n\n<p>-Quan l&#8217;interessat s&#8217;hagi oposat al tractament exercitant el seu dret d&#8217;oposici\u00f3, mentre es verifica si els motius leg\u00edtims del responsable prevalen sobre els de l&#8217;interessat.<\/p>\n\n<p>ALPHA COWORK, S.L. realitzar\u00e0 les seg\u00fcents actuacions:<\/p>\n\n<p>\u2022Acc\u00e9s a la informaci\u00f3 p\u00fablica del perfil.<\/p>\n\n<p>\u2022Publicaci\u00f3 en el perfil de l&#8217;Usuari de tota aquella informaci\u00f3 ja publicada a la p\u00e0gina de ALPHA COWORK, S.L..<\/p>\n\n<p>\u2022Enviar missatges personals i individuals a trav\u00e9s dels canals de la Xarxa Social.<\/p>\n\n<p>\u2022Actualitzacions de l&#8217;estat de la p\u00e0gina que es publicaran en el perfil de l&#8217;Usuari.<\/p>\n\n<p>L&#8217;Usuari sempre pot controlar les seves connexions, eliminar els continguts que deixin d&#8217;interessar-li i restringir amb qui comparteix les seves connexions, per a aix\u00f2 haur\u00e0 d&#8217;accedir a la seva configuraci\u00f3 de privadesa.<\/p>\n\n<h3 class=\"wp-block-heading\">Publicacions<\/h3>\n\n<p>L&#8217;Usuari, una vegada unit a la p\u00e0gina de ALPHA COWORK, S.L., podr\u00e0 publicar en aquesta \u00faltima comentaris, enlla\u00e7os, imatges o fotografies o qualsevol altre tipus de contingut multim\u00e8dia suportat per la Xarxa Social. L&#8217;Usuari, en tots els casos, ha de ser el titular dels mateixos, gaudir dels drets d&#8217;autor i de propietat intel\u00b7lectual o comptar amb el consentiment dels tercers afectats. Es prohibeix expressament qualsevol publicaci\u00f3 a la p\u00e0gina, ja siguin textos, gr\u00e0fics, fotografies, v\u00eddeos, etc. que atemptin o siguin susceptibles d&#8217;atemptar contra la moral, l&#8217;\u00e8tica, el bon gust o el decoro, i\/o que infringeixin, violin o infringeixin els drets de propietat intel\u00b7lectual o industrial, el dret a la imatge o la Llei. En aquests casos, ALPHA COWORK, S.L. es reserva el dret a retirar immediatament el contingut, podent sol\u00b7licitar el bloqueig permanent de l&#8217;Usuari.<\/p>\n\n<p>ALPHA COWORK, S.L. no es far\u00e0 responsable dels continguts que lliurement ha publicat un usuari.<\/p>\n\n<p>L&#8217;Usuari ha de tenir present que les seves publicacions seran conegudes pels altres usuaris, per la qual cosa ell mateix \u00e9s el principal responsable de la seva privadesa.<\/p>\n\n<p>Les imatges que puguin publicar-se a la p\u00e0gina no seran emmagatzemades en cap fitxer per part de ALPHA COWORK, S.L., per\u00f2 si que romandran a la Xarxa Social.<\/p>\n\n<h3 class=\"wp-block-heading\">Concursos i promocions<\/h3>\n\n<p>ALPHA COWORK, S.L. es reserva el dret a realitzar concursos i promocions, en els quals podr\u00e0 participar l&#8217;Usuari unit a la seva p\u00e0gina. Les bases de cadascun d&#8217;ells, quan s&#8217;utilitzi per a aix\u00f2 la plataforma de la Xarxa Social, seran publicades en la mateixa. Complint sempre amb la LSSI-CE i amb qualsevol altra norma que li sigui aplicable.<\/p>\n\n<p>La Xarxa Social no patrocina, avala ni administra, de manera algun, cap de les nostres promocions, ni est\u00e0 associada a cap d&#8217;elles.<\/p>\n\n<h3 class=\"wp-block-heading\">Publicitat<\/h3>\n\n<p>ALPHA COWORK, S.L. utilitzar\u00e0 la Xarxa Social per publicitar els seus productes i serveis, en tot cas, si decideix tractar les seves dades de contacte per realitzar accions directes de prospecci\u00f3 comercial, ser\u00e0 sempre, complint amb les exig\u00e8ncies legals del REGLAMENT (UE) 2016\/679 i de la LSSI-CE.<\/p>\n\n<p>No es considerar\u00e0 publicitat el fet de recomanar a altres usuaris la p\u00e0gina de ALPHA COWORK, S.L. perqu\u00e8 tamb\u00e9 ells puguin gaudir de les promocions o estar informats de la seva activitat.<\/p>\n\n<p>A continuaci\u00f3 detallem l&#8217;enlla\u00e7 a la pol\u00edtica de privadesa de la Xarxa Social:<\/p>\n\n<p>Facebook,\u00a0<a href=\"https:\/\/www.facebook.com\/help\/323540651073243\/\">https:\/\/www.f<\/a><a href=\"https:\/\/www.facebook.com\/help\/323540651073243\/\" target=\"_blank\" rel=\"noreferrer noopener\">a<\/a><a href=\"https:\/\/www.facebook.com\/help\/323540651073243\/\" rel=\"nofollow\">cebook.com\/help\/323540651073243\/<\/a><\/p>\n\n<p>Twitter,\u00a0<a href=\"https:\/\/twitter.com\/privacy\" target=\"_blank\" rel=\"noreferrer noopener nofollow\">https:\/\/twitter.com\/privacy<\/a><\/p>\n\n<p>Instagram,\u00a0<a href=\"http:\/\/instagram.com\/about\/legal\/privacy\/\" target=\"_blank\" rel=\"noreferrer noopener nofollow\">http:\/\/instagram.com\/about\/legal\/privacy\/<\/a><\/p>\n\n<p>Linkedin,\u00a0<a href=\"http:\/\/www.linkedin.com\/legal\/privacy-policy?trk=hb_ft_priv\" target=\"_blank\" rel=\"noreferrer noopener nofollow\">http:\/\/www.linkedin.com\/legal\/privacy-policy?trk=hb_ft_priv<\/a><\/p>\n\n<p>Youtube,\u00a0<a href=\"https:\/\/www.youtube.com\/static?template=terms&amp;hl=es&amp;gl=ES\" target=\"_blank\" rel=\"noreferrer noopener nofollow\">https:\/\/www.youtube.com\/static?template=terms&amp;hl=es&amp;gl=ES<\/a><\/p>\n","protected":false},"excerpt":{"rendered":"<p>Pol\u00edtica de privacitat A efecte del previst en el Reglament (UE) 2016\/679 de 27 d&#8217;abril del 2016 ALPHA COWORK, S.L. amb NIF B66101320 informa a l&#8217;Usuari que les seves dades de car\u00e0cter personal seran tractades amb la finalitat de prestar-li els serveis sol\u00b7licitats i enviar-li la informaci\u00f3 sobre la nostra empresa que pugui ser del [&hellip;]<\/p>\n","protected":false},"author":34,"featured_media":0,"parent":0,"menu_order":0,"comment_status":"closed","ping_status":"closed","template":"","meta":{"footnotes":""},"class_list":["post-10382","page","type-page","status-publish","hentry"],"yoast_head":"<!-- This site is optimized with the Yoast SEO plugin v27.5 - https:\/\/yoast.com\/product\/yoast-seo-wordpress\/ -->\n<title>Pol\u00edtica de privacitat - Alpha Espai Coworking<\/title>\n<meta name=\"robots\" content=\"index, follow, max-snippet:-1, max-image-preview:large, max-video-preview:-1\" \/>\n<link rel=\"canonical\" href=\"https:\/\/alphaespai.com\/ca\/politica-de-privacitat\/\" \/>\n<meta property=\"og:locale\" content=\"ca_ES\" \/>\n<meta property=\"og:type\" content=\"article\" \/>\n<meta property=\"og:title\" content=\"Pol\u00edtica de privacitat - Alpha Espai Coworking\" \/>\n<meta property=\"og:description\" content=\"Pol\u00edtica de privacitat A efecte del previst en el Reglament (UE) 2016\/679 de 27 d&#8217;abril del 2016 ALPHA COWORK, S.L. amb NIF B66101320 informa a l&#8217;Usuari que les seves dades de car\u00e0cter personal seran tractades amb la finalitat de prestar-li els serveis sol\u00b7licitats i enviar-li la informaci\u00f3 sobre la nostra empresa que pugui ser del [&hellip;]\" \/>\n<meta property=\"og:url\" content=\"https:\/\/alphaespai.com\/ca\/politica-de-privacitat\/\" \/>\n<meta property=\"og:site_name\" content=\"Alpha Espai Coworking\" \/>\n<meta property=\"article:modified_time\" content=\"2021-04-23T08:14:19+00:00\" \/>\n<meta name=\"twitter:label1\" content=\"Temps estimat de lectura\" \/>\n\t<meta name=\"twitter:data1\" content=\"11 minuts\" \/>\n<script type=\"application\/ld+json\" class=\"yoast-schema-graph\">{\"@context\":\"https:\\\/\\\/schema.org\",\"@graph\":[{\"@type\":\"WebPage\",\"@id\":\"https:\\\/\\\/alphaespai.com\\\/ca\\\/politica-de-privacitat\\\/\",\"url\":\"https:\\\/\\\/alphaespai.com\\\/ca\\\/politica-de-privacitat\\\/\",\"name\":\"Pol\u00edtica de privacitat - Alpha Espai Coworking\",\"isPartOf\":{\"@id\":\"https:\\\/\\\/alphaespai.com\\\/ca\\\/#website\"},\"datePublished\":\"2021-04-22T08:32:53+00:00\",\"dateModified\":\"2021-04-23T08:14:19+00:00\",\"inLanguage\":\"ca\",\"potentialAction\":[{\"@type\":\"ReadAction\",\"target\":[\"https:\\\/\\\/alphaespai.com\\\/ca\\\/politica-de-privacitat\\\/\"]}]},{\"@type\":\"WebSite\",\"@id\":\"https:\\\/\\\/alphaespai.com\\\/ca\\\/#website\",\"url\":\"https:\\\/\\\/alphaespai.com\\\/ca\\\/\",\"name\":\"Alpha Espai Coworking\",\"description\":\"Espai de Coworking a Barcelona\",\"potentialAction\":[{\"@type\":\"SearchAction\",\"target\":{\"@type\":\"EntryPoint\",\"urlTemplate\":\"https:\\\/\\\/alphaespai.com\\\/ca\\\/?s={search_term_string}\"},\"query-input\":{\"@type\":\"PropertyValueSpecification\",\"valueRequired\":true,\"valueName\":\"search_term_string\"}}],\"inLanguage\":\"ca\"}]}<\/script>\n<!-- \/ Yoast SEO plugin. -->","yoast_head_json":{"title":"Pol\u00edtica de privacitat - Alpha Espai Coworking","robots":{"index":"index","follow":"follow","max-snippet":"max-snippet:-1","max-image-preview":"max-image-preview:large","max-video-preview":"max-video-preview:-1"},"canonical":"https:\/\/alphaespai.com\/ca\/politica-de-privacitat\/","og_locale":"ca_ES","og_type":"article","og_title":"Pol\u00edtica de privacitat - Alpha Espai Coworking","og_description":"Pol\u00edtica de privacitat A efecte del previst en el Reglament (UE) 2016\/679 de 27 d&#8217;abril del 2016 ALPHA COWORK, S.L. amb NIF B66101320 informa a l&#8217;Usuari que les seves dades de car\u00e0cter personal seran tractades amb la finalitat de prestar-li els serveis sol\u00b7licitats i enviar-li la informaci\u00f3 sobre la nostra empresa que pugui ser del [&hellip;]","og_url":"https:\/\/alphaespai.com\/ca\/politica-de-privacitat\/","og_site_name":"Alpha Espai Coworking","article_modified_time":"2021-04-23T08:14:19+00:00","twitter_misc":{"Temps estimat de lectura":"11 minuts"},"schema":{"@context":"https:\/\/schema.org","@graph":[{"@type":"WebPage","@id":"https:\/\/alphaespai.com\/ca\/politica-de-privacitat\/","url":"https:\/\/alphaespai.com\/ca\/politica-de-privacitat\/","name":"Pol\u00edtica de privacitat - Alpha Espai Coworking","isPartOf":{"@id":"https:\/\/alphaespai.com\/ca\/#website"},"datePublished":"2021-04-22T08:32:53+00:00","dateModified":"2021-04-23T08:14:19+00:00","inLanguage":"ca","potentialAction":[{"@type":"ReadAction","target":["https:\/\/alphaespai.com\/ca\/politica-de-privacitat\/"]}]},{"@type":"WebSite","@id":"https:\/\/alphaespai.com\/ca\/#website","url":"https:\/\/alphaespai.com\/ca\/","name":"Alpha Espai Coworking","description":"Espai de Coworking a Barcelona","potentialAction":[{"@type":"SearchAction","target":{"@type":"EntryPoint","urlTemplate":"https:\/\/alphaespai.com\/ca\/?s={search_term_string}"},"query-input":{"@type":"PropertyValueSpecification","valueRequired":true,"valueName":"search_term_string"}}],"inLanguage":"ca"}]}},"_links":{"self":[{"href":"https:\/\/alphaespai.com\/ca\/wp-json\/wp\/v2\/pages\/10382","targetHints":{"allow":["GET"]}}],"collection":[{"href":"https:\/\/alphaespai.com\/ca\/wp-json\/wp\/v2\/pages"}],"about":[{"href":"https:\/\/alphaespai.com\/ca\/wp-json\/wp\/v2\/types\/page"}],"author":[{"embeddable":true,"href":"https:\/\/alphaespai.com\/ca\/wp-json\/wp\/v2\/users\/34"}],"replies":[{"embeddable":true,"href":"https:\/\/alphaespai.com\/ca\/wp-json\/wp\/v2\/comments?post=10382"}],"version-history":[{"count":0,"href":"https:\/\/alphaespai.com\/ca\/wp-json\/wp\/v2\/pages\/10382\/revisions"}],"wp:attachment":[{"href":"https:\/\/alphaespai.com\/ca\/wp-json\/wp\/v2\/media?parent=10382"}],"curies":[{"name":"wp","href":"https:\/\/api.w.org\/{rel}","templated":true}]}}